{"id":573,"date":"2020-05-12T18:14:51","date_gmt":"2020-05-12T16:14:51","guid":{"rendered":"https:\/\/tidjaniya.com\/fr\/?p=573"},"modified":"2021-04-15T12:46:55","modified_gmt":"2021-04-15T10:46:55","slug":"feter-la-date-du-voyage-nocturne","status":"publish","type":"fiqh-question","link":"https:\/\/tidjaniya.com\/fr\/fiqh-question\/feter-la-date-du-voyage-nocturne\/","title":{"rendered":"F\u00eater la date du voyage nocturne"},"content":{"rendered":"<p style=\"text-align: justify;\"><span style=\"font-size: 10pt; color: #000080;\">Salam Aleykoum<\/span><\/p>\n<p style=\"text-align: justify;\"><span style=\"font-size: 10pt; color: #000080;\">Alahouma soli alla mohamed wa aali mohamed wa salim<\/span><\/p>\n<p style=\"text-align: justify;\"><span style=\"color: #000080;\"><span style=\"font-size: 10pt;\">Doit-on f\u00eater la nuit du 27 Rajab comme date de comm\u00e9moration du voyage nocturne de notre bien-aim\u00e9 proph\u00e8te (paix et salut sur lui)?<\/span><\/span><\/p>\n<p style=\"text-align: justify;\"><span style=\"font-size: 10pt; color: #000080;\">1- Si oui, quelle doit \u00eatre notre attitude face \u00e0 celui qui conteste? Quelles sont les pratiques recommand\u00e9es \u00e0 cette occasion?<\/span><\/p>\n<p style=\"text-align: justify;\"><span style=\"font-size: 10pt; color: #000080;\">2- Si non que dire \u00e0 celui qui le pratique?<\/span><\/p>\n<p style=\"text-align: justify;\"><span style=\"font-size: 10pt;\">\u00a0<\/span><\/p>\n<p><span style=\"font-size: 10pt;\"><strong><span style=\"color: #993300;\">R\u00e9ponse de l\u2019imam pr\u00eacheur Cheikh Sidi Mohamed Elhadi LITIM (qu\u2019ALLAH le pr\u00e9serve)<\/span><\/strong><\/span><\/p>\n<p><span style=\"font-size: 10pt;\"><strong><span style=\"color: #993300;\">Au Nom d&rsquo;ALLAH le Tout Mis\u00e9ricordieux, louange \u00e0 Allah et que la pri\u00e8re et le salut soient sur le Messager d\u2019Allah, ensuite :<\/span><\/strong><\/span><\/p>\n<p><span style=\"font-size: 10pt;\"><strong><span style=\"color: #993300;\">Wa \u2018Ala\u00efkoum assalam wa RahmatouALLAH wa Barakatouhou.<\/span><\/strong><\/span><\/p>\n<p style=\"text-align: justify;\"><span style=\"font-size: 10pt;\"><strong><span style=\"color: #993300;\">Nous louangeons ALLAH le Tr\u00e8s-Haut pour tous Ses bienfaits \u00e0 notre \u00e9gard et nous demandons qu\u2019Il nous assiste et nous affirme.<\/span><\/strong><\/span><\/p>\n<p style=\"text-align: justify;\"><span style=\"font-size: 10pt;\"><strong><span style=\"color: #993300;\">En effet, l\u2019avis r\u00e9pandu dans la communaut\u00e9 est que la nuit du 27 Rajab est la date de la nuit du voyage nocturne et de l\u2019ascension, sachant qu\u2019il existe d\u2019autre avis et que cela ne fait pas l\u2019unanimit\u00e9 des savants.<\/span><\/strong><\/span><\/p>\n<p style=\"text-align: justify;\"><span style=\"font-size: 10pt;\"><strong><span style=\"color: #993300;\">On n\u2019a pas rapport\u00e9 de m\u00e9rite sp\u00e9cial concernant sa comm\u00e9moration. N\u00e9anmoins, f\u00eater cette nuit en tant qu\u2019une veill\u00e9e pieuse est un rappel pour la communaut\u00e9 de ce grand miracle et de cette grande gr\u00e2ce dont ALLAH a favoris\u00e9 Son proph\u00e8te(PSL) et sa communaut\u00e9. C\u2019est aussi un rappel pour tous les enseignements qui englobent cet \u00e9v\u00e9nement comme l\u2019\u00e9tablissement des\u00a0cinq pri\u00e8res et tous les autres enseignements proph\u00e9tiques et seigneuriaux. ALLAH le Tr\u00e8s-Haut a mentionn\u00e9\u00a0cet \u00e9v\u00e9nement dans Son Livre saint, un Coran qui sera r\u00e9cit\u00e9 jusqu\u2019\u00e0 la fin des temps.<\/span><\/strong><\/span><\/p>\n<p style=\"text-align: justify;\"><span style=\"font-size: 10pt;\"><strong><span style=\"color: #993300;\">En r\u00e9sum\u00e9, c\u2019est une station importante dans la vie du Proph\u00e8te (PSL). Le comm\u00e9morer avec l\u2019intention et de la mani\u00e8re qu\u2019on a \u00e9voqu\u00e9e, en s\u2019\u00e9loignant des innovations et des choses illicites dans la loi, n\u2019est pas interdit\u00a0; au contraire, c\u2019est un rappel b\u00e9n\u00e9fique pour la communaut\u00e9.<\/span><\/strong><\/span><\/p>\n<p><span style=\"font-size: 10pt;\"><strong><span style=\"color: #993300;\">Et Allah est plus savant.<\/span><\/strong><\/span><\/p>\n<p><span style=\"font-size: 10pt;\"><strong><span style=\"color: #993300;\">Wa Salam \u2018Ala\u00efkoum wa Rahmatou ALLAH wa Barakatouhou<\/span><\/strong><\/span><\/p>\n","protected":false},"author":3,"featured_media":0,"template":"","fiqh_category":[87],"class_list":["post-573","fiqh-question","type-fiqh-question","status-publish","hentry","fiqh_category-autres-sujets"],"blocksy_meta":[],"featured_image_urls_v2":{"full":"","thumbnail":"","medium":"","medium_large":"","large":"","1536x1536":"","2048x2048":""},"post_excerpt_stackable_v2":"<p>Salam Aleykoum Alahouma soli alla mohamed wa aali mohamed wa salim Doit-on f\u00eater la nuit du 27 Rajab comme date de comm\u00e9moration du voyage nocturne de notre bien-aim\u00e9 proph\u00e8te (paix et salut sur lui)? 1- Si oui, quelle doit \u00eatre notre attitude face \u00e0 celui qui conteste? Quelles sont les pratiques recommand\u00e9es \u00e0 cette occasion? 2- Si non que dire \u00e0 celui qui le pratique? \u00a0 R\u00e9ponse de l\u2019imam pr\u00eacheur Cheikh Sidi Mohamed Elhadi LITIM (qu\u2019ALLAH le pr\u00e9serve) Au Nom d&rsquo;ALLAH le Tout Mis\u00e9ricordieux, louange \u00e0 Allah et que la pri\u00e8re et le salut soient sur le Messager d\u2019Allah, ensuite\u2026<\/p>\n","category_list_v2":"","author_info_v2":{"name":"AbdelKader Gentner","url":"https:\/\/tidjaniya.com\/fr\/author\/yahia99\/"},"comments_num_v2":"0 commentaire","uagb_featured_image_src":{"full":false,"thumbnail":false,"medium":false,"medium_large":false,"large":false,"1536x1536":false,"2048x2048":false},"uagb_author_info":{"display_name":"AbdelKader Gentner","author_link":"https:\/\/tidjaniya.com\/fr\/author\/yahia99\/"},"uagb_comment_info":0,"uagb_excerpt":"Salam Aleykoum Alahouma soli alla mohamed wa aali mohamed wa salim Doit-on f\u00eater la nuit du 27 Rajab comme date de comm\u00e9moration du voyage nocturne de notre bien-aim\u00e9 proph\u00e8te (paix et salut sur lui)? 1- Si oui, quelle doit \u00eatre notre attitude face \u00e0 celui qui conteste? Quelles sont les pratiques recommand\u00e9es \u00e0 cette occasion?\u2026","_links":{"self":[{"href":"https:\/\/tidjaniya.com\/fr\/wp-json\/wp\/v2\/fiqh-question\/573","targetHints":{"allow":["GET"]}}],"collection":[{"href":"https:\/\/tidjaniya.com\/fr\/wp-json\/wp\/v2\/fiqh-question"}],"about":[{"href":"https:\/\/tidjaniya.com\/fr\/wp-json\/wp\/v2\/types\/fiqh-question"}],"author":[{"embeddable":true,"href":"https:\/\/tidjaniya.com\/fr\/wp-json\/wp\/v2\/users\/3"}],"wp:attachment":[{"href":"https:\/\/tidjaniya.com\/fr\/wp-json\/wp\/v2\/media?parent=573"}],"wp:term":[{"taxonomy":"fiqh_category","embeddable":true,"href":"https:\/\/tidjaniya.com\/fr\/wp-json\/wp\/v2\/fiqh_category?post=573"}],"curies":[{"name":"wp","href":"https:\/\/api.w.org\/{rel}","templated":true}]}}