{"id":577,"date":"2020-05-12T21:26:26","date_gmt":"2020-05-12T19:26:26","guid":{"rendered":"https:\/\/tidjaniya.com\/fr\/?p=577"},"modified":"2021-04-15T12:46:55","modified_gmt":"2021-04-15T10:46:55","slug":"se-convertir-quand-les-parents-sont-musulmans","status":"publish","type":"fiqh-question","link":"https:\/\/tidjaniya.com\/fr\/fiqh-question\/se-convertir-quand-les-parents-sont-musulmans\/","title":{"rendered":"Se convertir quand les parents sont musulmans"},"content":{"rendered":"<p style=\"text-align: justify;\"><span style=\"font-size: 10pt; color: #000080;\">Bonjour,<\/span><\/p>\n<p style=\"text-align: justify;\"><span style=\"font-size: 10pt; color: #000080;\">J&rsquo;ai grandi avec mon p\u00e8re qui ne pratique pas la religion, cependant moi depuis que j&rsquo;ai conscience de ce qu&rsquo;est la religion je crois en Allah car j&rsquo;ai grandi dans un pays musulman. La famille de ma m\u00e8re est musulmane pratiquante.<\/span><\/p>\n<p style=\"text-align: justify;\"><span style=\"font-size: 10pt; color: #000080;\">Je fais la pri\u00e8re depuis longtemps et je voulais savoir s&rsquo;il fallait que je me convertisse ?<\/span><\/p>\n<p style=\"text-align: justify;\">\u00a0<\/p>\n<p style=\"text-align: justify;\"><span style=\"font-size: 10pt; color: #993300;\"><strong>R\u00e9ponse de l\u2019imam pr\u00eacheur Cheikh Sidi Mohamed Elhadi LITIM (qu\u2019ALLAH le pr\u00e9serve)<\/strong><\/span><\/p>\n<p style=\"text-align: justify;\"><span style=\"font-size: 10pt; color: #993300;\"><strong>Au Nom d&rsquo;ALLAH le Tout Mis\u00e9ricordieux, louange \u00e0 Allah et que la pri\u00e8re et le salut soient sur le Messager d\u2019Allah, ensuite :<\/strong><\/span><\/p>\n<p style=\"text-align: justify;\"><span style=\"font-size: 10pt; color: #993300;\"><strong>Wa \u2018Ala\u00efkoum assalam wa RahmatouALLAH wa Barakatouhou.<\/strong><\/span><\/p>\n<p style=\"text-align: justify;\"><span style=\"font-size: 10pt; color: #993300;\"><strong>L\u2019\u00e2ge de la personne qui a pos\u00e9 la question ainsi que la religion de son p\u00e8re ne sont pas indiqu\u00e9s. De toute fa\u00e7on, si son p\u00e8re est musulman, m\u00eame s\u2019il ne pratique pas, alors il est musulman naturellement ; sinon elle suit la religion de sa m\u00e8re\u00a0au cas o\u00f9 c\u2019est la m\u00e8re qui est musulmane.<\/strong><\/span><\/p>\n<p style=\"text-align: justify;\"><span style=\"font-size: 10pt; color: #993300;\"><strong>Louanges \u00e0 ALLAH, cette personne d\u00e9clare qu\u2019elle est croyante et qu\u2019elle pratique les obligations religieuses et cela est suffisant pour elle.<\/strong><\/span><\/p>\n<p style=\"text-align: justify;\"><span style=\"font-size: 10pt; color: #993300;\"><strong>Si elle parle dans sa question de la d\u00e9claration de l\u2019islam qu\u2019on fait en pr\u00e9sence des t\u00e9moins musulmans et un imam de mosqu\u00e9e, il faut savoir que la r\u00e8gle est que celui qui est n\u00e9 de deux parents musulmans est musulman l\u00e9gitimement. Au cas o\u00f9 l\u2019un de ses deux parents seulement est musulman, alors il le suit (le musulman) et il n\u2019est pas oblig\u00e9 de renouveler son islam \u00e0 l\u2019\u00e2ge de la pubert\u00e9.<\/strong><\/span><\/p>\n<p style=\"text-align: justify;\"><span style=\"font-size: 10pt; color: #993300;\"><strong>Et Allah est plus savant.<\/strong><\/span><\/p>\n<p style=\"text-align: justify;\"><span style=\"font-size: 10pt; color: #993300;\"><strong>Wa Salam \u2018Ala\u00efkoum wa Rahmatou ALLAH wa Barakatouhou<\/strong><\/span><\/p>\n","protected":false},"author":3,"featured_media":0,"template":"","fiqh_category":[87],"class_list":["post-577","fiqh-question","type-fiqh-question","status-publish","hentry","fiqh_category-autres-sujets"],"blocksy_meta":[],"featured_image_urls_v2":{"full":"","thumbnail":"","medium":"","medium_large":"","large":"","1536x1536":"","2048x2048":""},"post_excerpt_stackable_v2":"<p>Bonjour, J&rsquo;ai grandi avec mon p\u00e8re qui ne pratique pas la religion, cependant moi depuis que j&rsquo;ai conscience de ce qu&rsquo;est la religion je crois en Allah car j&rsquo;ai grandi dans un pays musulman. La famille de ma m\u00e8re est musulmane pratiquante. Je fais la pri\u00e8re depuis longtemps et je voulais savoir s&rsquo;il fallait que je me convertisse ? \u00a0 R\u00e9ponse de l\u2019imam pr\u00eacheur Cheikh Sidi Mohamed Elhadi LITIM (qu\u2019ALLAH le pr\u00e9serve) Au Nom d&rsquo;ALLAH le Tout Mis\u00e9ricordieux, louange \u00e0 Allah et que la pri\u00e8re et le salut soient sur le Messager d\u2019Allah, ensuite : Wa \u2018Ala\u00efkoum assalam wa RahmatouALLAH\u2026<\/p>\n","category_list_v2":"","author_info_v2":{"name":"AbdelKader Gentner","url":"https:\/\/tidjaniya.com\/fr\/author\/yahia99\/"},"comments_num_v2":"0 commentaire","uagb_featured_image_src":{"full":false,"thumbnail":false,"medium":false,"medium_large":false,"large":false,"1536x1536":false,"2048x2048":false},"uagb_author_info":{"display_name":"AbdelKader Gentner","author_link":"https:\/\/tidjaniya.com\/fr\/author\/yahia99\/"},"uagb_comment_info":0,"uagb_excerpt":"Bonjour, J&rsquo;ai grandi avec mon p\u00e8re qui ne pratique pas la religion, cependant moi depuis que j&rsquo;ai conscience de ce qu&rsquo;est la religion je crois en Allah car j&rsquo;ai grandi dans un pays musulman. La famille de ma m\u00e8re est musulmane pratiquante. Je fais la pri\u00e8re depuis longtemps et je voulais savoir s&rsquo;il fallait que\u2026","_links":{"self":[{"href":"https:\/\/tidjaniya.com\/fr\/wp-json\/wp\/v2\/fiqh-question\/577","targetHints":{"allow":["GET"]}}],"collection":[{"href":"https:\/\/tidjaniya.com\/fr\/wp-json\/wp\/v2\/fiqh-question"}],"about":[{"href":"https:\/\/tidjaniya.com\/fr\/wp-json\/wp\/v2\/types\/fiqh-question"}],"author":[{"embeddable":true,"href":"https:\/\/tidjaniya.com\/fr\/wp-json\/wp\/v2\/users\/3"}],"wp:attachment":[{"href":"https:\/\/tidjaniya.com\/fr\/wp-json\/wp\/v2\/media?parent=577"}],"wp:term":[{"taxonomy":"fiqh_category","embeddable":true,"href":"https:\/\/tidjaniya.com\/fr\/wp-json\/wp\/v2\/fiqh_category?post=577"}],"curies":[{"name":"wp","href":"https:\/\/api.w.org\/{rel}","templated":true}]}}